{"id":350,"date":"2019-12-30T22:30:55","date_gmt":"2019-12-30T21:30:55","guid":{"rendered":"http:\/\/arpadfoldiref.hu\/?page_id=350"},"modified":"2020-01-03T11:33:29","modified_gmt":"2020-01-03T10:33:29","slug":"csendeshet","status":"publish","type":"page","link":"https:\/\/arpadfoldiref.hu\/index.php\/csendeshet\/","title":{"rendered":"Csendesh\u00e9t"},"content":{"rendered":"\n<div class=\"wp-block-media-text alignwide\"><figure class=\"wp-block-media-text__media\"><img loading=\"lazy\" decoding=\"async\" width=\"1024\" height=\"768\" src=\"http:\/\/arpadfoldiref.hu\/wp-content\/uploads\/2020\/01\/DSCN9871-1024x768.jpg\" alt=\"\" class=\"wp-image-362\" srcset=\"https:\/\/arpadfoldiref.hu\/wp-content\/uploads\/2020\/01\/DSCN9871-1024x768.jpg 1024w, https:\/\/arpadfoldiref.hu\/wp-content\/uploads\/2020\/01\/DSCN9871-300x225.jpg 300w, https:\/\/arpadfoldiref.hu\/wp-content\/uploads\/2020\/01\/DSCN9871-768x576.jpg 768w, https:\/\/arpadfoldiref.hu\/wp-content\/uploads\/2020\/01\/DSCN9871-1536x1152.jpg 1536w, https:\/\/arpadfoldiref.hu\/wp-content\/uploads\/2020\/01\/DSCN9871-2048x1536.jpg 2048w, https:\/\/arpadfoldiref.hu\/wp-content\/uploads\/2020\/01\/DSCN9871-850x638.jpg 850w\" sizes=\"auto, (max-width: 1024px) 100vw, 1024px\" \/><\/figure><div class=\"wp-block-media-text__content\">\n<p class=\"has-normal-font-size\"> &#8220;<em>J\u00f6jjetek \u00e9nhozz\u00e1m mindny\u00e1jan, akik megf\u00e1radtatok \u00e9s meg vagytok terhelve, \u00e9s \u00e9n megnyugv\u00e1st adok nektek.&#8221;<\/em><br><em>Mt 11,28<\/em> <\/p>\n<\/div><\/div>\n\n\n\n<p><br>Mindannyian \u00e9rezz\u00fck, kicsi \u00e9s nagyok, fiatalabbak \u00e9s id\u0151sebbek, hogy sz\u00fcks\u00e9g\u00fcnk van olyan id\u0151re, amikor kiszakadva a h\u00e9tk\u00f6znapok rohan\u00f3 vil\u00e1g\u00e1b\u00f3l, meg\u00e1llunk egy pillanatra \u00e9s teljes val\u00f3nkkal pr\u00f3b\u00e1lunk Istenre figyelni.<br>Erre van lehet\u0151s\u00e9g\u00fcnk k\u00f6z\u00f6ss\u00e9gben is, <strong>gy\u00fclekezeti csendeshet\u00fcnk\u00f6n<\/strong>, amikor \u00e9vente egyszer \u00fagy t\u00f6lthet\u00fcnk el 6 napot egy\u00fctt, hogy mindegyik nap k\u00f6z\u00e9ppontj\u00e1ban az Ige \u00e1ll. Ilyenkor van id\u0151, hogy a testv\u00e9rekkel egy\u00fctt gondolkodjunk, van id\u0151 a m\u00e9lyebb besz\u00e9lget\u00e9sekre, a csal\u00e1di kikapcsol\u00f3d\u00e1sra, k\u00f6z\u00f6s j\u00e1t\u00e9kra, kir\u00e1ndul\u00e1sra.<\/p>\n\n\n\n<figure class=\"wp-block-gallery columns-2 is-cropped wp-block-gallery-1 is-layout-flex wp-block-gallery-is-layout-flex\"><ul class=\"blocks-gallery-grid\"><li class=\"blocks-gallery-item\"><figure><img loading=\"lazy\" decoding=\"async\" width=\"1024\" height=\"768\" src=\"http:\/\/arpadfoldiref.hu\/wp-content\/uploads\/2020\/01\/DSCN9924-1024x768.jpg\" alt=\"\" data-id=\"363\" data-full-url=\"http:\/\/arpadfoldiref.hu\/wp-content\/uploads\/2020\/01\/DSCN9924-scaled.jpg\" data-link=\"http:\/\/arpadfoldiref.hu\/index.php\/csendeshet\/dscn9924\/\" class=\"wp-image-363\" srcset=\"https:\/\/arpadfoldiref.hu\/wp-content\/uploads\/2020\/01\/DSCN9924-1024x768.jpg 1024w, https:\/\/arpadfoldiref.hu\/wp-content\/uploads\/2020\/01\/DSCN9924-300x225.jpg 300w, https:\/\/arpadfoldiref.hu\/wp-content\/uploads\/2020\/01\/DSCN9924-768x576.jpg 768w, https:\/\/arpadfoldiref.hu\/wp-content\/uploads\/2020\/01\/DSCN9924-1536x1152.jpg 1536w, https:\/\/arpadfoldiref.hu\/wp-content\/uploads\/2020\/01\/DSCN9924-2048x1536.jpg 2048w, https:\/\/arpadfoldiref.hu\/wp-content\/uploads\/2020\/01\/DSCN9924-850x638.jpg 850w\" sizes=\"auto, (max-width: 1024px) 100vw, 1024px\" \/><\/figure><\/li><li class=\"blocks-gallery-item\"><figure><img loading=\"lazy\" decoding=\"async\" width=\"1024\" height=\"768\" src=\"http:\/\/arpadfoldiref.hu\/wp-content\/uploads\/2020\/01\/IMG_20190714_193926-1024x768.jpg\" alt=\"\" data-id=\"364\" data-full-url=\"http:\/\/arpadfoldiref.hu\/wp-content\/uploads\/2020\/01\/IMG_20190714_193926-scaled.jpg\" data-link=\"http:\/\/arpadfoldiref.hu\/index.php\/csendeshet\/img_20190714_193926\/\" class=\"wp-image-364\" srcset=\"https:\/\/arpadfoldiref.hu\/wp-content\/uploads\/2020\/01\/IMG_20190714_193926-1024x768.jpg 1024w, https:\/\/arpadfoldiref.hu\/wp-content\/uploads\/2020\/01\/IMG_20190714_193926-300x225.jpg 300w, https:\/\/arpadfoldiref.hu\/wp-content\/uploads\/2020\/01\/IMG_20190714_193926-768x576.jpg 768w, https:\/\/arpadfoldiref.hu\/wp-content\/uploads\/2020\/01\/IMG_20190714_193926-1536x1152.jpg 1536w, https:\/\/arpadfoldiref.hu\/wp-content\/uploads\/2020\/01\/IMG_20190714_193926-2048x1536.jpg 2048w, https:\/\/arpadfoldiref.hu\/wp-content\/uploads\/2020\/01\/IMG_20190714_193926-850x638.jpg 850w\" sizes=\"auto, (max-width: 1024px) 100vw, 1024px\" \/><\/figure><\/li><\/ul><\/figure>\n\n\n\n<p>Minden csendesh\u00e9t hasonl\u00f3 \u00e9s egyben k\u00fcl\u00f6nb\u00f6z\u0151 is.<br>Hasonl\u00f3, mert egy\u00fctt lehet\u00fcnk k\u00e9zzelfoghat\u00f3an k\u00f6zelebb Isten Ig\u00e9j\u00e9hez. D\u00e9lel\u0151tt az Ig\u00e9r\u0151l besz\u00e9lget\u00fcnk kis csoportokban, d\u00e9lut\u00e1n van lehet\u0151s\u00e9g a k\u00f6z\u00f6s j\u00e1t\u00e9kra, este pedig k\u00fcl\u00f6nb\u00f6z\u0151 el\u0151ad\u00e1sokkal k\u00e9sz\u00fclhet\u00fcnk, dics\u0151\u00edt\u0151 estet tartunk, \u00e9s m\u00e1r hagyom\u00e1nny\u00e1 v\u00e1lt az utols\u00f3 esti t\u00e1bort\u0171z \u2013 szalonnas\u00fct\u00e9ssel, \u00e9nekl\u00e9ssel.<br>De minden h\u00e9t k\u00fcl\u00f6nb\u00f6z\u0151, mert a csendesh\u00e9t igei vez\u00e9rfonala minden \u00e9vben m\u00e1s, de mindig id\u0151szer\u0171 k\u00e9rd\u00e9seket vet fel, lehet\u0151s\u00e9get adva arra, hogy a v\u00e1laszokat megfogalmazva olyan \u00fatraval\u00f3t kapjunk Istent\u0151l, amely elk\u00eds\u00e9rhet mindannyiunkat eg\u00e9sz \u00e9vre.<\/p>\n\n\n\n<figure class=\"wp-block-gallery columns-2 is-cropped wp-block-gallery-2 is-layout-flex wp-block-gallery-is-layout-flex\"><ul class=\"blocks-gallery-grid\"><li class=\"blocks-gallery-item\"><figure><img loading=\"lazy\" decoding=\"async\" width=\"1024\" height=\"768\" src=\"http:\/\/arpadfoldiref.hu\/wp-content\/uploads\/2020\/01\/IMG_20190713_195223-1024x768.jpg\" alt=\"\" data-id=\"365\" data-full-url=\"http:\/\/arpadfoldiref.hu\/wp-content\/uploads\/2020\/01\/IMG_20190713_195223-scaled.jpg\" data-link=\"http:\/\/arpadfoldiref.hu\/index.php\/csendeshet\/img_20190713_195223\/\" class=\"wp-image-365\" srcset=\"https:\/\/arpadfoldiref.hu\/wp-content\/uploads\/2020\/01\/IMG_20190713_195223-1024x768.jpg 1024w, https:\/\/arpadfoldiref.hu\/wp-content\/uploads\/2020\/01\/IMG_20190713_195223-300x225.jpg 300w, https:\/\/arpadfoldiref.hu\/wp-content\/uploads\/2020\/01\/IMG_20190713_195223-768x576.jpg 768w, https:\/\/arpadfoldiref.hu\/wp-content\/uploads\/2020\/01\/IMG_20190713_195223-1536x1152.jpg 1536w, https:\/\/arpadfoldiref.hu\/wp-content\/uploads\/2020\/01\/IMG_20190713_195223-2048x1536.jpg 2048w, https:\/\/arpadfoldiref.hu\/wp-content\/uploads\/2020\/01\/IMG_20190713_195223-850x638.jpg 850w\" sizes=\"auto, (max-width: 1024px) 100vw, 1024px\" \/><\/figure><\/li><li class=\"blocks-gallery-item\"><figure><img loading=\"lazy\" decoding=\"async\" width=\"1024\" height=\"768\" src=\"http:\/\/arpadfoldiref.hu\/wp-content\/uploads\/2020\/01\/IMG_20190715_195935-1024x768.jpg\" alt=\"\" data-id=\"366\" data-full-url=\"http:\/\/arpadfoldiref.hu\/wp-content\/uploads\/2020\/01\/IMG_20190715_195935-scaled.jpg\" data-link=\"http:\/\/arpadfoldiref.hu\/index.php\/csendeshet\/img_20190715_195935\/\" class=\"wp-image-366\" srcset=\"https:\/\/arpadfoldiref.hu\/wp-content\/uploads\/2020\/01\/IMG_20190715_195935-1024x768.jpg 1024w, https:\/\/arpadfoldiref.hu\/wp-content\/uploads\/2020\/01\/IMG_20190715_195935-300x225.jpg 300w, https:\/\/arpadfoldiref.hu\/wp-content\/uploads\/2020\/01\/IMG_20190715_195935-768x576.jpg 768w, https:\/\/arpadfoldiref.hu\/wp-content\/uploads\/2020\/01\/IMG_20190715_195935-1536x1152.jpg 1536w, https:\/\/arpadfoldiref.hu\/wp-content\/uploads\/2020\/01\/IMG_20190715_195935-2048x1536.jpg 2048w, https:\/\/arpadfoldiref.hu\/wp-content\/uploads\/2020\/01\/IMG_20190715_195935-850x638.jpg 850w\" sizes=\"auto, (max-width: 1024px) 100vw, 1024px\" \/><\/figure><\/li><\/ul><\/figure>\n\n\n\n<p>K\u00fcl\u00f6nleges a csendeshet\u00fcnk, mert a teljes gy\u00fclekezetet h\u00edvjuk \u00e9s v\u00e1rjuk erre az alkalomra. A legfiatalabb gyermekt\u0151l a legid\u0151sebb gy\u00fclekezeti tagig egy\u00fctt tudunk lenni: szeretetben, egym\u00e1st elfogadva, megismerve. Hiszen \u00e9vk\u00f6zben a r\u00e9tegalkalmak \u2013 id\u0151sek biblia\u00f3r\u00e1ja, gyerekistentisztelet \u2013 nem adnak lehet\u0151s\u00e9get arra, hogy a csal\u00e1dok, az ifjabb \u00e9s id\u0151sebb gy\u00fclekezeti tagok m\u00e9lyebben megismerj\u00e9k egym\u00e1st, hogy meghallgassuk az id\u0151sebbek t\u00f6rt\u00e9neteit, vagy egy\u00fctt j\u00e1tszunk, sportoljunk a gyerekekkel.<\/p>\n\n\n\n<p>Gy\u00fclekezeti csendeshet\u00fcnket ny\u00e1ron, \u00e1ltal\u00e1ban j\u00falius els\u0151 fel\u00e9ben tartjuk. Szeretettel h\u00edvunk mindenkit, hiszen igaz\u00e1n k\u00fcl\u00f6nleges \u00e9lm\u00e9nyekben lehet r\u00e9sze minden r\u00e9sztvev\u0151nek. Ha sz\u00edvesen egy\u00fctt lenn\u00e9l vel\u00fcnk, vagy k\u00e9rd\u00e9seid vannak, \u00e9rdekl\u0151dj az al\u00e1bbi el\u00e9rhet\u0151s\u00e9geken, vagy figyeld honlapunk h\u00edreit. <br>\u00c9rdekl\u0151dhetsz a&nbsp; <a rel=\"noreferrer noopener\" href=\"mailto:budapest-arpadfold@reformatus.hu\" target=\"_blank\">budapest-arpadfold@reformatus.hu<\/a> e-mailc\u00edmen, vagy a 06-30\/483-46-38 telefonsz\u00e1mon Nyikos Andr\u00e1s lelk\u00e9szn\u00e9l.<\/p>\n\n\n\n<figure class=\"wp-block-gallery columns-3 is-cropped wp-block-gallery-3 is-layout-flex wp-block-gallery-is-layout-flex\"><ul class=\"blocks-gallery-grid\"><li class=\"blocks-gallery-item\"><figure><img loading=\"lazy\" decoding=\"async\" width=\"1024\" height=\"768\" src=\"http:\/\/arpadfoldiref.hu\/wp-content\/uploads\/2020\/01\/DSCN0062-1024x768.jpg\" alt=\"\" data-id=\"367\" data-full-url=\"http:\/\/arpadfoldiref.hu\/wp-content\/uploads\/2020\/01\/DSCN0062-scaled.jpg\" data-link=\"http:\/\/arpadfoldiref.hu\/index.php\/csendeshet\/dscn0062\/\" class=\"wp-image-367\" srcset=\"https:\/\/arpadfoldiref.hu\/wp-content\/uploads\/2020\/01\/DSCN0062-1024x768.jpg 1024w, https:\/\/arpadfoldiref.hu\/wp-content\/uploads\/2020\/01\/DSCN0062-300x225.jpg 300w, https:\/\/arpadfoldiref.hu\/wp-content\/uploads\/2020\/01\/DSCN0062-768x576.jpg 768w, https:\/\/arpadfoldiref.hu\/wp-content\/uploads\/2020\/01\/DSCN0062-1536x1152.jpg 1536w, https:\/\/arpadfoldiref.hu\/wp-content\/uploads\/2020\/01\/DSCN0062-2048x1536.jpg 2048w, https:\/\/arpadfoldiref.hu\/wp-content\/uploads\/2020\/01\/DSCN0062-850x638.jpg 850w\" sizes=\"auto, (max-width: 1024px) 100vw, 1024px\" \/><\/figure><\/li><li class=\"blocks-gallery-item\"><figure><img loading=\"lazy\" decoding=\"async\" width=\"1024\" height=\"768\" src=\"http:\/\/arpadfoldiref.hu\/wp-content\/uploads\/2020\/01\/IMG_20180706_140922-1024x768.jpg\" alt=\"\" data-id=\"368\" data-full-url=\"http:\/\/arpadfoldiref.hu\/wp-content\/uploads\/2020\/01\/IMG_20180706_140922-scaled.jpg\" data-link=\"http:\/\/arpadfoldiref.hu\/index.php\/csendeshet\/img_20180706_140922\/\" class=\"wp-image-368\" srcset=\"https:\/\/arpadfoldiref.hu\/wp-content\/uploads\/2020\/01\/IMG_20180706_140922-1024x768.jpg 1024w, https:\/\/arpadfoldiref.hu\/wp-content\/uploads\/2020\/01\/IMG_20180706_140922-300x225.jpg 300w, https:\/\/arpadfoldiref.hu\/wp-content\/uploads\/2020\/01\/IMG_20180706_140922-768x576.jpg 768w, https:\/\/arpadfoldiref.hu\/wp-content\/uploads\/2020\/01\/IMG_20180706_140922-1536x1152.jpg 1536w, https:\/\/arpadfoldiref.hu\/wp-content\/uploads\/2020\/01\/IMG_20180706_140922-2048x1536.jpg 2048w, https:\/\/arpadfoldiref.hu\/wp-content\/uploads\/2020\/01\/IMG_20180706_140922-850x638.jpg 850w\" sizes=\"auto, (max-width: 1024px) 100vw, 1024px\" \/><\/figure><\/li><li class=\"blocks-gallery-item\"><figure><img loading=\"lazy\" decoding=\"async\" width=\"768\" height=\"1024\" src=\"http:\/\/arpadfoldiref.hu\/wp-content\/uploads\/2020\/01\/IMG_20180706_192455-768x1024.jpg\" alt=\"\" data-id=\"369\" data-full-url=\"http:\/\/arpadfoldiref.hu\/wp-content\/uploads\/2020\/01\/IMG_20180706_192455-scaled.jpg\" data-link=\"http:\/\/arpadfoldiref.hu\/index.php\/csendeshet\/img_20180706_192455\/\" class=\"wp-image-369\" srcset=\"https:\/\/arpadfoldiref.hu\/wp-content\/uploads\/2020\/01\/IMG_20180706_192455-768x1024.jpg 768w, https:\/\/arpadfoldiref.hu\/wp-content\/uploads\/2020\/01\/IMG_20180706_192455-225x300.jpg 225w, https:\/\/arpadfoldiref.hu\/wp-content\/uploads\/2020\/01\/IMG_20180706_192455-1152x1536.jpg 1152w, https:\/\/arpadfoldiref.hu\/wp-content\/uploads\/2020\/01\/IMG_20180706_192455-1536x2048.jpg 1536w, https:\/\/arpadfoldiref.hu\/wp-content\/uploads\/2020\/01\/IMG_20180706_192455-300x400.jpg 300w, https:\/\/arpadfoldiref.hu\/wp-content\/uploads\/2020\/01\/IMG_20180706_192455-850x1133.jpg 850w, https:\/\/arpadfoldiref.hu\/wp-content\/uploads\/2020\/01\/IMG_20180706_192455-scaled.jpg 1920w\" sizes=\"auto, (max-width: 768px) 100vw, 768px\" \/><\/figure><\/li><\/ul><\/figure>\n","protected":false},"excerpt":{"rendered":"<p>&#8220;J\u00f6jjetek \u00e9nhozz\u00e1m mindny\u00e1jan, akik megf\u00e1radtatok \u00e9s meg vagytok terhelve, \u00e9s \u00e9n megnyugv\u00e1st adok nektek.&#8221;Mt 11,28 Mindannyian \u00e9rezz\u00fck, kicsi \u00e9s nagyok, fiatalabbak \u00e9s id\u0151sebbek, hogy sz\u00fcks\u00e9g\u00fcnk van olyan id\u0151re, amikor kiszakadva a h\u00e9tk\u00f6znapok rohan\u00f3 vil\u00e1g\u00e1b\u00f3l, meg\u00e1llunk egy pillanatra \u00e9s teljes val\u00f3nkkal pr\u00f3b\u00e1lunk Istenre figyelni.Erre van lehet\u0151s\u00e9g\u00fcnk k\u00f6z\u00f6ss\u00e9gben is, gy\u00fclekezeti csendeshet\u00fcnk\u00f6n, amikor \u00e9vente egyszer \u00fagy t\u00f6lthet\u00fcnk el&#8230;<\/p>\n","protected":false},"author":4,"featured_media":0,"parent":0,"menu_order":0,"comment_status":"closed","ping_status":"closed","template":"","meta":{"ngg_post_thumbnail":0,"footnotes":""},"class_list":["post-350","page","type-page","status-publish","hentry"],"jetpack_sharing_enabled":true,"_links":{"self":[{"href":"https:\/\/arpadfoldiref.hu\/index.php\/wp-json\/wp\/v2\/pages\/350","targetHints":{"allow":["GET"]}}],"collection":[{"href":"https:\/\/arpadfoldiref.hu\/index.php\/wp-json\/wp\/v2\/pages"}],"about":[{"href":"https:\/\/arpadfoldiref.hu\/index.php\/wp-json\/wp\/v2\/types\/page"}],"author":[{"embeddable":true,"href":"https:\/\/arpadfoldiref.hu\/index.php\/wp-json\/wp\/v2\/users\/4"}],"replies":[{"embeddable":true,"href":"https:\/\/arpadfoldiref.hu\/index.php\/wp-json\/wp\/v2\/comments?post=350"}],"version-history":[{"count":3,"href":"https:\/\/arpadfoldiref.hu\/index.php\/wp-json\/wp\/v2\/pages\/350\/revisions"}],"predecessor-version":[{"id":428,"href":"https:\/\/arpadfoldiref.hu\/index.php\/wp-json\/wp\/v2\/pages\/350\/revisions\/428"}],"wp:attachment":[{"href":"https:\/\/arpadfoldiref.hu\/index.php\/wp-json\/wp\/v2\/media?parent=350"}],"curies":[{"name":"wp","href":"https:\/\/api.w.org\/{rel}","templated":true}]}}